{"id":5599,"date":"2024-11-08T14:13:52","date_gmt":"2024-11-08T14:13:52","guid":{"rendered":"https:\/\/andreleonardo.com\/?post_type=product&#038;p=5599"},"modified":"2024-12-04T12:28:14","modified_gmt":"2024-12-04T12:28:14","slug":"estreia-oficial-documentario-faz-acontecer-uma-viagem-maior-que-o-mundo","status":"publish","type":"product","link":"https:\/\/andreleonardo.com\/en\/product\/estreia-oficial-documentario-faz-acontecer-uma-viagem-maior-que-o-mundo\/","title":{"rendered":"Official premiere - Documentary FAZ ACONTECER, A Journey Bigger than the World - Angra do Hero\u00edsmo, 7 Dec, 5pm"},"content":{"rendered":"<p><strong>7 December, 5pm in the Small Auditorium of the Angra do Hero\u00edsmo Cultural Centre<br \/>\n<\/strong><strong>Note: <\/strong>There are no allocated seats in the auditorium, so if you want to make sure you sit next to someone, you should arrive early to make sure you can do so.<\/p>\n<p style=\"font-weight: 400;\"><strong>Synopsis:<br \/>\n<\/strong>At the age of 24, Andr\u00e9 Leonardo, from the Azores and Terceira, set off alone on a round-the-world expedition where he travelled more than 126,000 km and passed through 4 continents and 23 countries. His goal was simple: to find energy and encouragement beyond the \u00abcrisis\u00bb and \u00abdebt\u00bb, to make contact with positive people, to let himself be infected by entrepreneurs, both in business and in life, to learn from people who overcame all kinds of adversity and who, more than creating companies or promoting projects, made things happen by facing the present and the future with optimism and the ability to dream.<\/p>\n<p style=\"font-weight: 400;\">Between being mugged, sleeping on the street and eating tinned tuna, Andr\u00e9 Leonardo never gave up the urge to collect these cases from all over the world, from radically different societies, cultures and political-economic contexts - and yet all linked by the same desire to make things happen.<\/p>\n<p style=\"font-weight: 400;\">A story that shows us that making things happen is within our reach, as long as we have dedication and commitment.<\/p>\n<p><strong>Trailer:<br \/>\n<\/strong><\/p>\n<p><iframe title=\"Trailer - Documentary - MAKE IT HAPPEN, A Journey Bigger Than the World\" width=\"1150\" height=\"647\" src=\"https:\/\/www.youtube.com\/embed\/DWUk81T3u5E?feature=oembed\" frameborder=\"0\" allow=\"accelerometer; autoplay; clipboard-write; encrypted-media; gyroscope; picture-in-picture; web-share\" referrerpolicy=\"strict-origin-when-cross-origin\" allowfullscreen><\/iframe><\/p>\n<p><strong>\u00a0<\/strong><\/p>","protected":false},"excerpt":{"rendered":"<p>7 Dezembro, 17h no Pequeno Audit\u00f3rio do Centro Cultural de Angra do Hero\u00edsmo Nota: N\u00e3o h\u00e1 lugares marcados no audit\u00f3rio pelo que se quer garantir que fica sentado ao lado de algu\u00e9m, dever\u00e1 chegar mais cedo para garantir que o consegue fazer. Sinopse: Aos 24 anos o a\u00e7oriano e terceirense Andr\u00e9 Leonardo partiu sozinho para [&hellip;]<\/p>\n","protected":false},"featured_media":5608,"comment_status":"open","ping_status":"closed","template":"","meta":[],"product_brand":[],"product_cat":[163],"product_tag":[],"class_list":{"0":"post-5599","1":"product","2":"type-product","3":"status-publish","4":"has-post-thumbnail","6":"product_cat-documentario","8":"first","9":"outofstock","10":"virtual","11":"taxable","12":"purchasable","13":"product-type-simple"},"yoast_head":"<!-- This site is optimized with the Yoast SEO plugin v27.5 - https:\/\/yoast.com\/product\/yoast-seo-wordpress\/ -->\n<title>Estreia oficial - Document\u00e1rio FAZ ACONTECER, Uma Viagem Maior que o Mundo - Angra do Hero\u00edsmo, 7 Dez, 17h - Andr\u00e9 Leonardo<\/title>\n<meta name=\"robots\" content=\"index, follow, max-snippet:-1, max-image-preview:large, max-video-preview:-1\" \/>\n<link rel=\"canonical\" href=\"https:\/\/andreleonardo.com\/en\/product\/estreia-oficial-documentario-faz-acontecer-uma-viagem-maior-que-o-mundo\/\" \/>\n<meta property=\"og:locale\" content=\"en_GB\" \/>\n<meta property=\"og:type\" content=\"article\" \/>\n<meta property=\"og:title\" content=\"Estreia oficial - Document\u00e1rio FAZ ACONTECER, Uma Viagem Maior que o Mundo - Angra do Hero\u00edsmo, 7 Dez, 17h - Andr\u00e9 Leonardo\" \/>\n<meta property=\"og:description\" content=\"7 Dezembro, 17h no Pequeno Audit\u00f3rio do Centro Cultural de Angra do Hero\u00edsmo Nota: N\u00e3o h\u00e1 lugares marcados no audit\u00f3rio pelo que se quer garantir que fica sentado ao lado de algu\u00e9m, dever\u00e1 chegar mais cedo para garantir que o consegue fazer. Sinopse: Aos 24 anos o a\u00e7oriano e terceirense Andr\u00e9 Leonardo partiu sozinho para [&hellip;]\" \/>\n<meta property=\"og:url\" content=\"https:\/\/andreleonardo.com\/en\/product\/estreia-oficial-documentario-faz-acontecer-uma-viagem-maior-que-o-mundo\/\" \/>\n<meta property=\"og:site_name\" content=\"Andr\u00e9 Leonardo\" \/>\n<meta property=\"article:modified_time\" content=\"2024-12-04T12:28:14+00:00\" \/>\n<meta property=\"og:image\" content=\"https:\/\/andreleonardo.com\/wp-content\/uploads\/2024\/11\/Post-Documentario-Lancamento-copy.jpg\" \/>\n\t<meta property=\"og:image:width\" content=\"1080\" \/>\n\t<meta property=\"og:image:height\" content=\"1080\" \/>\n\t<meta property=\"og:image:type\" content=\"image\/jpeg\" \/>\n<meta name=\"twitter:card\" content=\"summary_large_image\" \/>\n<meta name=\"twitter:label1\" content=\"Estimated reading time\" \/>\n\t<meta name=\"twitter:data1\" content=\"2 minutes\" \/>\n<script type=\"application\/ld+json\" class=\"yoast-schema-graph\">{\"@context\":\"https:\\\/\\\/schema.org\",\"@graph\":[{\"@type\":\"WebPage\",\"@id\":\"https:\\\/\\\/andreleonardo.com\\\/produto\\\/estreia-oficial-documentario-faz-acontecer-uma-viagem-maior-que-o-mundo\\\/\",\"url\":\"https:\\\/\\\/andreleonardo.com\\\/produto\\\/estreia-oficial-documentario-faz-acontecer-uma-viagem-maior-que-o-mundo\\\/\",\"name\":\"Estreia oficial - Document\u00e1rio FAZ ACONTECER, Uma Viagem Maior que o Mundo - Angra do Hero\u00edsmo, 7 Dez, 17h - Andr\u00e9 Leonardo\",\"isPartOf\":{\"@id\":\"https:\\\/\\\/andreleonardo.com\\\/#website\"},\"primaryImageOfPage\":{\"@id\":\"https:\\\/\\\/andreleonardo.com\\\/produto\\\/estreia-oficial-documentario-faz-acontecer-uma-viagem-maior-que-o-mundo\\\/#primaryimage\"},\"image\":{\"@id\":\"https:\\\/\\\/andreleonardo.com\\\/produto\\\/estreia-oficial-documentario-faz-acontecer-uma-viagem-maior-que-o-mundo\\\/#primaryimage\"},\"thumbnailUrl\":\"https:\\\/\\\/andreleonardo.com\\\/wp-content\\\/uploads\\\/2024\\\/11\\\/Post-Documentario-Lancamento-copy.jpg\",\"datePublished\":\"2024-11-08T14:13:52+00:00\",\"dateModified\":\"2024-12-04T12:28:14+00:00\",\"breadcrumb\":{\"@id\":\"https:\\\/\\\/andreleonardo.com\\\/produto\\\/estreia-oficial-documentario-faz-acontecer-uma-viagem-maior-que-o-mundo\\\/#breadcrumb\"},\"inLanguage\":\"en-GB\",\"potentialAction\":[{\"@type\":\"ReadAction\",\"target\":[\"https:\\\/\\\/andreleonardo.com\\\/produto\\\/estreia-oficial-documentario-faz-acontecer-uma-viagem-maior-que-o-mundo\\\/\"]}]},{\"@type\":\"ImageObject\",\"inLanguage\":\"en-GB\",\"@id\":\"https:\\\/\\\/andreleonardo.com\\\/produto\\\/estreia-oficial-documentario-faz-acontecer-uma-viagem-maior-que-o-mundo\\\/#primaryimage\",\"url\":\"https:\\\/\\\/andreleonardo.com\\\/wp-content\\\/uploads\\\/2024\\\/11\\\/Post-Documentario-Lancamento-copy.jpg\",\"contentUrl\":\"https:\\\/\\\/andreleonardo.com\\\/wp-content\\\/uploads\\\/2024\\\/11\\\/Post-Documentario-Lancamento-copy.jpg\",\"width\":1080,\"height\":1080},{\"@type\":\"BreadcrumbList\",\"@id\":\"https:\\\/\\\/andreleonardo.com\\\/produto\\\/estreia-oficial-documentario-faz-acontecer-uma-viagem-maior-que-o-mundo\\\/#breadcrumb\",\"itemListElement\":[{\"@type\":\"ListItem\",\"position\":1,\"name\":\"In\u00edcio\",\"item\":\"https:\\\/\\\/andreleonardo.com\\\/\"},{\"@type\":\"ListItem\",\"position\":2,\"name\":\"Loja\",\"item\":\"https:\\\/\\\/andreleonardo.com\\\/loja\\\/\"},{\"@type\":\"ListItem\",\"position\":3,\"name\":\"Estreia oficial &#8211; Document\u00e1rio FAZ ACONTECER, Uma Viagem Maior que o Mundo &#8211; Angra do Hero\u00edsmo, 7 Dez, 17h\"}]},{\"@type\":\"WebSite\",\"@id\":\"https:\\\/\\\/andreleonardo.com\\\/#website\",\"url\":\"https:\\\/\\\/andreleonardo.com\\\/\",\"name\":\"Andr\u00e9 Leonardo\",\"description\":\"Empreendedor | Viajante | Autor &amp; Orador\",\"publisher\":{\"@id\":\"https:\\\/\\\/andreleonardo.com\\\/#\\\/schema\\\/person\\\/50b5e9bd1f5381610f015beef18c1dcd\"},\"potentialAction\":[{\"@type\":\"SearchAction\",\"target\":{\"@type\":\"EntryPoint\",\"urlTemplate\":\"https:\\\/\\\/andreleonardo.com\\\/?s={search_term_string}\"},\"query-input\":{\"@type\":\"PropertyValueSpecification\",\"valueRequired\":true,\"valueName\":\"search_term_string\"}}],\"inLanguage\":\"en-GB\"},{\"@type\":[\"Person\",\"Organization\"],\"@id\":\"https:\\\/\\\/andreleonardo.com\\\/#\\\/schema\\\/person\\\/50b5e9bd1f5381610f015beef18c1dcd\",\"name\":\"Andr\u00e9 Leonardo\",\"image\":{\"@type\":\"ImageObject\",\"inLanguage\":\"en-GB\",\"@id\":\"https:\\\/\\\/andreleonardo.com\\\/wp-content\\\/uploads\\\/2019\\\/09\\\/Andr\u00e9-Leonardo.jpg\",\"url\":\"https:\\\/\\\/andreleonardo.com\\\/wp-content\\\/uploads\\\/2019\\\/09\\\/Andr\u00e9-Leonardo.jpg\",\"contentUrl\":\"https:\\\/\\\/andreleonardo.com\\\/wp-content\\\/uploads\\\/2019\\\/09\\\/Andr\u00e9-Leonardo.jpg\",\"width\":1600,\"height\":500,\"caption\":\"Andr\u00e9 Leonardo\"},\"logo\":{\"@id\":\"https:\\\/\\\/andreleonardo.com\\\/wp-content\\\/uploads\\\/2019\\\/09\\\/Andr\u00e9-Leonardo.jpg\"},\"description\":\"Empreendedor | Viajante | Autor &amp; Orador\",\"sameAs\":[\"http:\\\/\\\/www.AndreLeonardo.com\"]}]}<\/script>\n<!-- \/ Yoast SEO plugin. -->","yoast_head_json":{"title":"Estreia oficial - Document\u00e1rio FAZ ACONTECER, Uma Viagem Maior que o Mundo - Angra do Hero\u00edsmo, 7 Dez, 17h - Andr\u00e9 Leonardo","robots":{"index":"index","follow":"follow","max-snippet":"max-snippet:-1","max-image-preview":"max-image-preview:large","max-video-preview":"max-video-preview:-1"},"canonical":"https:\/\/andreleonardo.com\/en\/product\/estreia-oficial-documentario-faz-acontecer-uma-viagem-maior-que-o-mundo\/","og_locale":"en_GB","og_type":"article","og_title":"Estreia oficial - Document\u00e1rio FAZ ACONTECER, Uma Viagem Maior que o Mundo - Angra do Hero\u00edsmo, 7 Dez, 17h - Andr\u00e9 Leonardo","og_description":"7 Dezembro, 17h no Pequeno Audit\u00f3rio do Centro Cultural de Angra do Hero\u00edsmo Nota: N\u00e3o h\u00e1 lugares marcados no audit\u00f3rio pelo que se quer garantir que fica sentado ao lado de algu\u00e9m, dever\u00e1 chegar mais cedo para garantir que o consegue fazer. Sinopse: Aos 24 anos o a\u00e7oriano e terceirense Andr\u00e9 Leonardo partiu sozinho para [&hellip;]","og_url":"https:\/\/andreleonardo.com\/en\/product\/estreia-oficial-documentario-faz-acontecer-uma-viagem-maior-que-o-mundo\/","og_site_name":"Andr\u00e9 Leonardo","article_modified_time":"2024-12-04T12:28:14+00:00","og_image":[{"width":1080,"height":1080,"url":"https:\/\/andreleonardo.com\/wp-content\/uploads\/2024\/11\/Post-Documentario-Lancamento-copy.jpg","type":"image\/jpeg"}],"twitter_card":"summary_large_image","twitter_misc":{"Estimated reading time":"2 minutes"},"schema":{"@context":"https:\/\/schema.org","@graph":[{"@type":"WebPage","@id":"https:\/\/andreleonardo.com\/produto\/estreia-oficial-documentario-faz-acontecer-uma-viagem-maior-que-o-mundo\/","url":"https:\/\/andreleonardo.com\/produto\/estreia-oficial-documentario-faz-acontecer-uma-viagem-maior-que-o-mundo\/","name":"Estreia oficial - Document\u00e1rio FAZ ACONTECER, Uma Viagem Maior que o Mundo - Angra do Hero\u00edsmo, 7 Dez, 17h - Andr\u00e9 Leonardo","isPartOf":{"@id":"https:\/\/andreleonardo.com\/#website"},"primaryImageOfPage":{"@id":"https:\/\/andreleonardo.com\/produto\/estreia-oficial-documentario-faz-acontecer-uma-viagem-maior-que-o-mundo\/#primaryimage"},"image":{"@id":"https:\/\/andreleonardo.com\/produto\/estreia-oficial-documentario-faz-acontecer-uma-viagem-maior-que-o-mundo\/#primaryimage"},"thumbnailUrl":"https:\/\/andreleonardo.com\/wp-content\/uploads\/2024\/11\/Post-Documentario-Lancamento-copy.jpg","datePublished":"2024-11-08T14:13:52+00:00","dateModified":"2024-12-04T12:28:14+00:00","breadcrumb":{"@id":"https:\/\/andreleonardo.com\/produto\/estreia-oficial-documentario-faz-acontecer-uma-viagem-maior-que-o-mundo\/#breadcrumb"},"inLanguage":"en-GB","potentialAction":[{"@type":"ReadAction","target":["https:\/\/andreleonardo.com\/produto\/estreia-oficial-documentario-faz-acontecer-uma-viagem-maior-que-o-mundo\/"]}]},{"@type":"ImageObject","inLanguage":"en-GB","@id":"https:\/\/andreleonardo.com\/produto\/estreia-oficial-documentario-faz-acontecer-uma-viagem-maior-que-o-mundo\/#primaryimage","url":"https:\/\/andreleonardo.com\/wp-content\/uploads\/2024\/11\/Post-Documentario-Lancamento-copy.jpg","contentUrl":"https:\/\/andreleonardo.com\/wp-content\/uploads\/2024\/11\/Post-Documentario-Lancamento-copy.jpg","width":1080,"height":1080},{"@type":"BreadcrumbList","@id":"https:\/\/andreleonardo.com\/produto\/estreia-oficial-documentario-faz-acontecer-uma-viagem-maior-que-o-mundo\/#breadcrumb","itemListElement":[{"@type":"ListItem","position":1,"name":"In\u00edcio","item":"https:\/\/andreleonardo.com\/"},{"@type":"ListItem","position":2,"name":"Loja","item":"https:\/\/andreleonardo.com\/loja\/"},{"@type":"ListItem","position":3,"name":"Estreia oficial &#8211; Document\u00e1rio FAZ ACONTECER, Uma Viagem Maior que o Mundo &#8211; Angra do Hero\u00edsmo, 7 Dez, 17h"}]},{"@type":"WebSite","@id":"https:\/\/andreleonardo.com\/#website","url":"https:\/\/andreleonardo.com\/","name":"Andr\u00e9 Leonardo","description":"Entrepreneur | Traveller | Author &amp; Speaker","publisher":{"@id":"https:\/\/andreleonardo.com\/#\/schema\/person\/50b5e9bd1f5381610f015beef18c1dcd"},"potentialAction":[{"@type":"SearchAction","target":{"@type":"EntryPoint","urlTemplate":"https:\/\/andreleonardo.com\/?s={search_term_string}"},"query-input":{"@type":"PropertyValueSpecification","valueRequired":true,"valueName":"search_term_string"}}],"inLanguage":"en-GB"},{"@type":["Person","Organization"],"@id":"https:\/\/andreleonardo.com\/#\/schema\/person\/50b5e9bd1f5381610f015beef18c1dcd","name":"Andr\u00e9 Leonardo","image":{"@type":"ImageObject","inLanguage":"en-GB","@id":"https:\/\/andreleonardo.com\/wp-content\/uploads\/2019\/09\/Andr\u00e9-Leonardo.jpg","url":"https:\/\/andreleonardo.com\/wp-content\/uploads\/2019\/09\/Andr\u00e9-Leonardo.jpg","contentUrl":"https:\/\/andreleonardo.com\/wp-content\/uploads\/2019\/09\/Andr\u00e9-Leonardo.jpg","width":1600,"height":500,"caption":"Andr\u00e9 Leonardo"},"logo":{"@id":"https:\/\/andreleonardo.com\/wp-content\/uploads\/2019\/09\/Andr\u00e9-Leonardo.jpg"},"description":"Entrepreneur | Traveller | Author &amp; Speaker","sameAs":["http:\/\/www.AndreLeonardo.com"]}]}},"_links":{"self":[{"href":"https:\/\/andreleonardo.com\/en\/wp-json\/wp\/v2\/product\/5599","targetHints":{"allow":["GET"]}}],"collection":[{"href":"https:\/\/andreleonardo.com\/en\/wp-json\/wp\/v2\/product"}],"about":[{"href":"https:\/\/andreleonardo.com\/en\/wp-json\/wp\/v2\/types\/product"}],"replies":[{"embeddable":true,"href":"https:\/\/andreleonardo.com\/en\/wp-json\/wp\/v2\/comments?post=5599"}],"wp:featuredmedia":[{"embeddable":true,"href":"https:\/\/andreleonardo.com\/en\/wp-json\/wp\/v2\/media\/5608"}],"wp:attachment":[{"href":"https:\/\/andreleonardo.com\/en\/wp-json\/wp\/v2\/media?parent=5599"}],"wp:term":[{"taxonomy":"product_brand","embeddable":true,"href":"https:\/\/andreleonardo.com\/en\/wp-json\/wp\/v2\/product_brand?post=5599"},{"taxonomy":"product_cat","embeddable":true,"href":"https:\/\/andreleonardo.com\/en\/wp-json\/wp\/v2\/product_cat?post=5599"},{"taxonomy":"product_tag","embeddable":true,"href":"https:\/\/andreleonardo.com\/en\/wp-json\/wp\/v2\/product_tag?post=5599"}],"curies":[{"name":"wp","href":"https:\/\/api.w.org\/{rel}","templated":true}]}}